{"id":2164,"date":"2024-11-21T16:57:11","date_gmt":"2024-11-21T08:57:11","guid":{"rendered":"https:\/\/qizhongcarbon.com\/?post_type=parameter-definition&#038;p=2164"},"modified":"2024-11-21T16:57:12","modified_gmt":"2024-11-21T08:57:12","slug":"activated-carbon-iodine-value","status":"publish","type":"parameter-definition","link":"https:\/\/qizhongcarbon.com\/tr\/resources\/parameter-definitions\/activated-carbon-iodine-value\/","title":{"rendered":"Aktif Karbon \u0130yot De\u011feri"},"content":{"rendered":"<h2 class=\"wp-block-heading\">\u0130yot De\u011feri ve \u00d6nemi<\/h2>\n\n\n\n<p><strong>Aktif karbonun iyot de\u011feri<\/strong> adsorpsiyon kapasitesini \u00f6l\u00e7mek i\u00e7in \u00f6nemli bir parametredir. Aktif karbonun g\u00f6zenek yap\u0131s\u0131n\u0131n \u00f6zelliklerini, \u00f6zellikle de mikro g\u00f6zeneklerin miktar\u0131n\u0131 yans\u0131t\u0131r. Aktif karbonun iyot de\u011feri genellikle mg\/g olarak ifade edilir ve bir iyot \u00e7\u00f6zeltisi ile temas etti\u011finde aktif karbon taraf\u0131ndan adsorbe edilen iyot miktar\u0131n\u0131n \u00f6l\u00e7\u00fclmesiyle belirlenir.<\/p>\n\n\n\n<h2 class=\"wp-block-heading\">\u0130yot De\u011ferinin \u00d6nemi:<\/h2>\n\n\n\n<ul class=\"wp-block-list\">\n<li><strong>G\u00f6zenek Yap\u0131s\u0131n\u0131n Yans\u0131mas\u0131<\/strong>: \u0130yot de\u011feri, aktif karbonun g\u00f6zenek boyutunu ve da\u011f\u0131l\u0131m\u0131n\u0131, \u00f6zellikle de mikro g\u00f6zeneklerin miktar\u0131n\u0131 yans\u0131tabilir.<\/li>\n\n\n\n<li><strong>Adsorpsiyon Kapasitesi G\u00f6stergesi<\/strong>: Daha y\u00fcksek bir iyot de\u011feri, \u00f6zellikle organik kirleticilerin giderilmesi i\u00e7in genellikle aktif karbonun daha g\u00fc\u00e7l\u00fc bir adsorpsiyon kapasitesine i\u015faret eder.<\/li>\n\n\n\n<li><strong>\u00dcr\u00fcn Kar\u015f\u0131la\u015ft\u0131rmas\u0131 i\u00e7in K\u0131yaslama \u00d6l\u00e7\u00fct\u00fc<\/strong>: Farkl\u0131 aktif karbon \u00fcr\u00fcnlerinin iyot de\u011ferlerinin kar\u015f\u0131la\u015ft\u0131r\u0131lmas\u0131, kullan\u0131c\u0131lar\u0131n belirli uygulamalar i\u00e7in en uygun \u00fcr\u00fcn\u00fc se\u00e7melerine yard\u0131mc\u0131 olabilir.<\/li>\n<\/ul>\n\n\n\n<h2 class=\"wp-block-heading\">\u0130yot De\u011ferini Etkileyen Fakt\u00f6rler:<\/h2>\n\n\n\n<h3 class=\"wp-block-heading\"><strong>Hammadde T\u00fcr\u00fc<\/strong><\/h3>\n\n\n\n<p>Farkl\u0131 hammaddelerden (k\u00f6m\u00fcr, hindistan cevizi kabu\u011fu, odun gibi) \u00fcretilen aktif karbon farkl\u0131 iyot de\u011ferlerine sahip olacakt\u0131r.<\/p>\n\n\n\n<h3 class=\"wp-block-heading\"><strong>Aktivasyon S\u00fcreci<\/strong><\/h3>\n\n\n\n<p>Aktivasyon i\u015flemi s\u0131ras\u0131nda kullan\u0131lan s\u0131cakl\u0131k, s\u00fcre ve aktivasyon maddesi \u00fcr\u00fcn\u00fcn nihai iyot de\u011ferini etkileyecektir.<\/p>\n\n\n\n<h3 class=\"wp-block-heading\"><strong>Tedavi Sonras\u0131 Ad\u0131mlar<\/strong><\/h3>\n\n\n\n<p>Y\u0131kama, eleme vb. gibi i\u015flem sonras\u0131 ad\u0131mlar da aktif karbonun iyot de\u011ferini etkileyecektir.<\/p>\n\n\n\n<h2 class=\"wp-block-heading\">\u0130yot De\u011ferini Belirleme Y\u00f6ntemleri:<\/h2>\n\n\n\n<p>Aktif karbonda iyot de\u011ferinin belirlenmesi tipik olarak ASTM D4607 veya ISO 15985 gibi standart y\u00f6ntemleri takip eder.<\/p>\n\n\n\n<h2 class=\"wp-block-heading\">Yayg\u0131n Uygulamalar i\u00e7in \u0130yot De\u011ferleri \u00d6rnekleri:<\/h2>\n\n\n\n<ul class=\"wp-block-list\">\n<li><strong>Su Ar\u0131tma<\/strong>: \u0130\u00e7me suyu ar\u0131t\u0131m\u0131 i\u00e7in kullan\u0131lan aktif karbon tipik olarak 800-1200 mg\/g aras\u0131nda iyot de\u011ferlerine sahiptir.<\/li>\n\n\n\n<li><strong>Hava Temizleme<\/strong>: Zararl\u0131 gazlar\u0131n ve kokular\u0131n giderilmesi i\u00e7in kullan\u0131lan aktif karbon 700-1000 mg\/g aral\u0131\u011f\u0131nda iyot de\u011ferlerine sahip olabilir.<\/li>\n\n\n\n<li><strong>Alt\u0131n \u00c7\u0131karma<\/strong>: Alt\u0131n \u00e7\u0131karma i\u015fleminde kullan\u0131lan aktif karbon, 1000-1200 mg\/g civar\u0131nda veya daha y\u00fcksek iyot de\u011ferlerine sahip olabilir.<\/li>\n\n\n\n<li><strong>\u0130la\u00e7 ve Kimyasal \u00dcretim<\/strong>: Spesifik kimyasal \u00fcretimi i\u00e7in kullan\u0131lan aktif karbon 1200 mg\/g'\u0131 a\u015fan iyot de\u011ferleri gerektirebilir.<\/li>\n<\/ul>\n\n\n\n<h2 class=\"wp-block-heading\">S\u0131k\u00e7a Sorulan Sorular (SSS)<\/h2>\n\n\n\n<h3 class=\"wp-block-heading\">S1: \u0130yot de\u011feri ile \u00f6zg\u00fcl y\u00fczey alan\u0131 aras\u0131ndaki ili\u015fki nedir?<\/h3>\n\n\n\n<p>\u0130yot de\u011feri ve spesifik y\u00fczey alan\u0131, aktif karbonun adsorpsiyon performans\u0131n\u0131 \u00f6l\u00e7mek i\u00e7in \u00f6nemli parametrelerdir ve birbirleriyle bir \u015fekilde ili\u015fkilidir. \u0130yot de\u011feri esas olarak iyot molek\u00fclleri gibi k\u00fc\u00e7\u00fck molek\u00fcller i\u00e7in aktif karbonun adsorpsiyon kapasitesini yans\u0131t\u0131rken, spesifik y\u00fczey alan\u0131 aktif karbonun toplam y\u00fczey alan\u0131 hakk\u0131nda bilgi verir. Genel olarak, daha b\u00fcy\u00fck bir spesifik y\u00fczey alan\u0131na sahip aktif karbon daha fazla mikro g\u00f6zeneklere sahiptir, bu da daha y\u00fcksek bir iyot de\u011feri ile ili\u015fkilendirilebilir, \u00e7\u00fcnk\u00fc mikro g\u00f6zenekler k\u00fc\u00e7\u00fck molek\u00fcllerin adsorpsiyonu i\u00e7in birincil b\u00f6lgelerdir. Bununla birlikte, g\u00f6zeneklerin \u015fekli, da\u011f\u0131l\u0131m\u0131 ve ba\u011flanabilirli\u011fi de adsorpsiyon performans\u0131n\u0131 etkileyebilece\u011finden, ikisi aras\u0131ndaki ili\u015fki mutlak de\u011fildir.<\/p>\n\n\n\n<h3 class=\"wp-block-heading\">S2: Daha y\u00fcksek iyot de\u011feri her zaman daha iyi aktif karbon performans\u0131 anlam\u0131na m\u0131 gelir?<\/h3>\n\n\n\n<p>\u0130yot de\u011feri, aktif karbonun adsorpsiyon performans\u0131n\u0131 \u00f6l\u00e7mek i\u00e7in \u00f6nemli bir g\u00f6stergedir, ancak tek fakt\u00f6r de\u011fildir. Aktif karbonun performans\u0131 ayr\u0131ca g\u00f6zenek yap\u0131s\u0131, k\u00fcl i\u00e7eri\u011fi, mekanik mukavemet ve di\u011ferleri gibi fakt\u00f6rlerden de etkilenir. Bu nedenle, aktif karbon se\u00e7erken, uygulaman\u0131n \u00f6zel gereksinimlerini kar\u015f\u0131lad\u0131\u011f\u0131ndan emin olmak i\u00e7in ilgili t\u00fcm performans parametreleri dikkate al\u0131nmal\u0131d\u0131r.<\/p>\n\n\n\n<h3 class=\"wp-block-heading\">S3: \u0130yot de\u011feri ile aktif karbon fiyat\u0131 aras\u0131ndaki ili\u015fki nedir?<\/h3>\n\n\n\n<p>Aktif karbonun iyot de\u011feri genellikle \u00fcretim maliyeti ve piyasa fiyat\u0131 ile orant\u0131l\u0131d\u0131r. Daha y\u00fcksek iyot de\u011ferine sahip aktif karbon genellikle daha s\u0131k\u0131 \u00fcretim s\u00fcre\u00e7leri ve daha y\u00fcksek kaliteli hammaddeler gerektirir, bu da daha y\u00fcksek bir fiyatla sonu\u00e7lan\u0131r.<\/p>\n\n\n\n<p>Ancak fiyat, piyasa arz ve talebi, marka, da\u011f\u0131t\u0131m kanallar\u0131 ve di\u011ferleri gibi fakt\u00f6rlerden de etkilenir. Aktif karbon se\u00e7erken, uygulama gereksinimlerinin ve b\u00fct\u00e7enin kapsaml\u0131 bir \u015fekilde de\u011ferlendirilmesi \u00f6nerilir.<\/p>\n\n\n\n<div class=\"wp-block-group\"><div class=\"wp-block-group__inner-container is-layout-constrained wp-block-group-is-layout-constrained\">\n<div class=\"wp-block-uagb-container uagb-block-beaa16d4 default uagb-is-root-container\">\n\n<div class=\"wp-block-uagb-call-to-action uagb-block-5845ef26 wp-block-button\"><div class=\"uagb-cta__wrap\"><h3 class=\"uagb-cta__title\">En son fiyat teklifini al\u0131n<\/h3><p class=\"uagb-cta__desc\">Fiyat teklifi, \u00fcr\u00fcn deste\u011fi, numune ve daha fazlas\u0131 i\u00e7in uzmanlar\u0131m\u0131zla ileti\u015fime ge\u00e7mek i\u00e7in d\u00fc\u011fmeye t\u0131klay\u0131n!<\/p><\/div><div class=\"uagb-cta__buttons\"><a href=\"https:\/\/qizhongcarbon.com\/tr\/contact\/\" class=\"uagb-cta__button-link-wrapper wp-block-button__link\" target=\"_blank\" rel=\"noopener noreferrer\">Daha fazla bilgi edinin<svg xmlns=\"https:\/\/www.w3.org\/2000\/svg\" viewbox=\"0 0 512 512\"><path d=\"M504.3 273.6l-112.1 104c-6.992 6.484-17.18 8.218-25.94 4.406c-8.758-3.812-14.42-12.45-14.42-21.1L351.9 288H32C14.33 288 .0002 273.7 .0002 255.1S14.33 224 32 224h319.9l0-72c0-9.547 5.66-18.19 14.42-22c8.754-3.809 18.95-2.075 25.94 4.41l112.1 104C514.6 247.9 514.6 264.1 504.3 273.6z\"><\/path><\/svg><\/a><\/div><\/div>\n\n<\/div>\n<\/div><\/div>\n\n\n\n<div class=\"wp-block-group has-vivid-red-background-color has-background\"><div class=\"wp-block-group__inner-container is-layout-constrained wp-block-group-is-layout-constrained\">\n<p><\/p>\n<\/div><\/div>\n\n\n\n<h3 class=\"wp-block-heading\">S4: Aktif karbon i\u00e7in istenen iyot de\u011ferini nas\u0131l belirleyebilirim?<\/h3>\n\n\n\n<p>Aktif karbon i\u00e7in istenen iyot de\u011ferinin belirlenmesi, \u00f6zel uygulama amac\u0131na ve ar\u0131t\u0131lan ortam\u0131n \u00f6zelliklerine ba\u011fl\u0131d\u0131r. \u00d6rne\u011fin, eser organik kirleticilerin sudan uzakla\u015ft\u0131r\u0131lmas\u0131n\u0131 gerektiren uygulamalar daha y\u00fcksek iyot de\u011ferine sahip aktif karbon gerektirebilir. Ancak, yaln\u0131zca daha b\u00fcy\u00fck molek\u00fcler kirleticilerin giderilmesini veya renk giderimini gerektiren uygulamalar i\u00e7in iyot de\u011feri gereksinimi o kadar kat\u0131 olmayabilir. <strong><a href=\"https:\/\/qizhongcarbon.com\/tr\/contact\/\" data-type=\"link\" data-id=\"https:\/\/qizhongcarbon.com\/contact\/\" target=\"_blank\" rel=\"noreferrer noopener\">Uzman ekibimize dan\u0131\u015f\u0131n<\/a><\/strong> \u00d6zel uygulaman\u0131z i\u00e7in en iyi iyot de\u011ferini belirlemek i\u00e7in.<\/p>","protected":false},"featured_media":0,"template":"","meta":{"_acf_changed":false,"_seopress_robots_primary_cat":"","_seopress_titles_title":"","_seopress_titles_desc":"","_seopress_robots_index":""},"class_list":["post-2164","parameter-definition","type-parameter-definition","status-publish","hentry"],"acf":[],"_links":{"self":[{"href":"https:\/\/qizhongcarbon.com\/tr\/wp-json\/wp\/v2\/parameter-definition\/2164","targetHints":{"allow":["GET"]}}],"collection":[{"href":"https:\/\/qizhongcarbon.com\/tr\/wp-json\/wp\/v2\/parameter-definition"}],"about":[{"href":"https:\/\/qizhongcarbon.com\/tr\/wp-json\/wp\/v2\/types\/parameter-definition"}],"wp:attachment":[{"href":"https:\/\/qizhongcarbon.com\/tr\/wp-json\/wp\/v2\/media?parent=2164"}],"curies":[{"name":"wp","href":"https:\/\/api.w.org\/{rel}","templated":true}]}}